{"id":3734,"date":"2022-08-18T14:42:12","date_gmt":"2022-08-18T12:42:12","guid":{"rendered":"https:\/\/andyschleckcycles.lu\/?page_id=3734"},"modified":"2025-12-08T17:55:04","modified_gmt":"2025-12-08T15:55:04","slug":"marques-2","status":"publish","type":"page","link":"https:\/\/andyschleckcycles.lu\/fr\/","title":{"rendered":"Votre Bike Shop de confiance au Luxembourg"},"content":{"rendered":"<div data-elementor-type=\"wp-page\" data-elementor-id=\"3734\" class=\"elementor elementor-3734\" data-elementor-post-type=\"page\">\n\t\t\t\t<div class=\"elementor-element elementor-element-1471c72 animated-slow e-con-full elementor-hidden-mobile e-flex elementor-invisible e-con e-parent\" data-id=\"1471c72\" data-element_type=\"container\" data-settings=\"{&quot;animation&quot;:&quot;fadeIn&quot;,&quot;animation_delay&quot;:600}\">\n\t\t\t\t<div class=\"elementor-element elementor-element-c530a19 elementor-absolute elementor-widget elementor-widget-video\" data-id=\"c530a19\" data-element_type=\"widget\" data-settings=\"{&quot;video_type&quot;:&quot;hosted&quot;,&quot;autoplay&quot;:&quot;yes&quot;,&quot;play_on_mobile&quot;:&quot;yes&quot;,&quot;mute&quot;:&quot;yes&quot;,&quot;_position&quot;:&quot;absolute&quot;,&quot;loop&quot;:&quot;yes&quot;}\" data-widget_type=\"video.default\">\n\t\t\t\t\t\t\t<div class=\"e-hosted-video elementor-wrapper elementor-open-inline\">\n\t\t\t\t\t<video class=\"elementor-video\" src=\"https:\/\/andyschleckcycles.lu\/wp-content\/uploads\/2025\/01\/New-Website-Hero-Video-Desktop-ASC.mp4\" autoplay=\"\" loop=\"\" muted=\"muted\" playsinline=\"\" controlslist=\"nodownload\" poster=\"https:\/\/andyschleckcycles.lu\/wp-content\/uploads\/2024\/11\/21-ASC-Mertert-Store.jpg\"><\/video>\n\t\t\t\t<\/div>\n\t\t\t\t\t\t<\/div>\n\t\t<div class=\"elementor-element elementor-element-0575e48 e-flex e-con-boxed e-con e-child\" data-id=\"0575e48\" data-element_type=\"container\">\n\t\t\t\t\t<div class=\"e-con-inner\">\n\t\t\t\t<div class=\"elementor-element elementor-element-80f4b0d elementor-invisible elementor-widget elementor-widget-heading\" data-id=\"80f4b0d\" data-element_type=\"widget\" data-settings=\"{&quot;_animation&quot;:&quot;fadeIn&quot;}\" data-widget_type=\"heading.default\">\n\t\t\t\t\t<h1 class=\"elementor-heading-title elementor-size-default translation-block\">Le magasin de v\u00e9lo<br>le plus fiable du Luxembourg<\/h1>\t\t\t\t<\/div>\n\t\t\t\t<div class=\"elementor-element elementor-element-828fd60 elementor-widget elementor-widget-heading\" data-id=\"828fd60\" data-element_type=\"widget\" data-widget_type=\"heading.default\">\n\t\t\t\t\t<h5 class=\"elementor-heading-title elementor-size-default\">Pour vous aider \u00e0 aimer encore plus le cyclisme<\/h5>\t\t\t\t<\/div>\n\t\t\t\t<div class=\"elementor-element elementor-element-4181f88 elementor-align-center elementor-invisible elementor-widget elementor-widget-button\" data-id=\"4181f88\" data-element_type=\"widget\" data-settings=\"{&quot;_animation&quot;:&quot;fadeIn&quot;}\" data-widget_type=\"button.default\">\n\t\t\t\t\t\t\t\t\t\t<a class=\"elementor-button elementor-button-link elementor-size-xs\" href=\"https:\/\/andyschleckcycles.lu\/fr\/stock-de-velos\/\">\n\t\t\t\t\t\t<span class=\"elementor-button-content-wrapper\">\n\t\t\t\t\t\t\t\t\t<span class=\"elementor-button-text\">EXPLOREZ LES PRODUITS<\/span>\n\t\t\t\t\t<\/span>\n\t\t\t\t\t<\/a>\n\t\t\t\t\t\t\t\t<\/div>\n\t\t\t\t\t<\/div>\n\t\t\t\t<\/div>\n\t\t<div class=\"elementor-element elementor-element-1bc72ec e-con-full elementor-hidden-mobile e-flex e-con e-child\" data-id=\"1bc72ec\" data-element_type=\"container\" data-settings=\"{&quot;background_background&quot;:&quot;classic&quot;,&quot;position&quot;:&quot;absolute&quot;,&quot;motion_fx_motion_fx_scrolling&quot;:&quot;yes&quot;,&quot;motion_fx_opacity_effect&quot;:&quot;yes&quot;,&quot;motion_fx_opacity_range&quot;:{&quot;unit&quot;:&quot;%&quot;,&quot;size&quot;:&quot;&quot;,&quot;sizes&quot;:{&quot;start&quot;:45,&quot;end&quot;:50}},&quot;motion_fx_opacity_direction&quot;:&quot;out-in&quot;,&quot;motion_fx_opacity_level&quot;:{&quot;unit&quot;:&quot;px&quot;,&quot;size&quot;:10,&quot;sizes&quot;:[]},&quot;motion_fx_devices&quot;:[&quot;desktop&quot;,&quot;tablet&quot;,&quot;mobile&quot;]}\">\n\t\t\t\t<div class=\"elementor-element elementor-element-47cf637 elementor-cta--layout-image-left elementor-hidden-mobile elementor-widget__width-initial elementor-absolute elementor-cta--skin-classic elementor-animated-content elementor-bg-transform elementor-bg-transform-zoom-in elementor-widget elementor-widget-call-to-action\" data-id=\"47cf637\" data-element_type=\"widget\" data-settings=\"{&quot;_position&quot;:&quot;absolute&quot;}\" data-widget_type=\"call-to-action.default\">\n\t\t\t\t\t\t\t<a class=\"elementor-cta\" href=\"https:\/\/andyschleckcycles.lu\/fr\/histoire-de-landys\/\">\n\t\t\t\t\t<div class=\"elementor-cta__bg-wrapper\">\n\t\t\t\t<div class=\"elementor-cta__bg elementor-bg\" style=\"background-image: url(https:\/\/andyschleckcycles.lu\/wp-content\/uploads\/2022\/08\/andy-schleck.jpg);\" role=\"img\" aria-label=\"Andy Schleck\"><\/div>\n\t\t\t\t<div class=\"elementor-cta__bg-overlay\"><\/div>\n\t\t\t<\/div>\n\t\t\t\t\t\t\t<div class=\"elementor-cta__content\">\n\t\t\t\t\n\t\t\t\t\t\t\t\t\t<h2 class=\"elementor-cta__title elementor-cta__content-item elementor-content-item\">\n\t\t\t\t\t\tANDY SCHLECK\t\t\t\t\t<\/h2>\n\t\t\t\t\n\t\t\t\t\t\t\t\t\t<div class=\"elementor-cta__description elementor-cta__content-item elementor-content-item\">\n\t\t\t\t\t\tVainqueur du Tour de France, cycliste passionn\u00e9 et notre fondateur.\t\t\t\t\t<\/div>\n\t\t\t\t\n\t\t\t\t\t\t\t\t\t<div class=\"elementor-cta__button-wrapper elementor-cta__content-item elementor-content-item\">\n\t\t\t\t\t<span class=\"elementor-cta__button elementor-button elementor-size-\">\n\t\t\t\t\t\tLisez son histoire ICI\t\t\t\t\t<\/span>\n\t\t\t\t\t<\/div>\n\t\t\t\t\t\t\t<\/div>\n\t\t\t\t\t\t<\/a>\n\t\t\t\t\t\t<\/div>\n\t\t<div class=\"elementor-element elementor-element-56bf5d3 e-con-full e-flex e-con e-child\" data-id=\"56bf5d3\" data-element_type=\"container\">\n\t\t\t\t<div class=\"elementor-element elementor-element-cbd3046 elementor-widget elementor-widget-text-path\" data-id=\"cbd3046\" data-element_type=\"widget\" data-settings=\"{&quot;text&quot;:&quot;Tailored Advice From Experts \\u2014\\u2014---&gt;&quot;,&quot;align&quot;:&quot;center&quot;,&quot;start_point&quot;:{&quot;unit&quot;:&quot;%&quot;,&quot;size&quot;:&quot;&quot;,&quot;sizes&quot;:[]},&quot;motion_fx_motion_fx_scrolling&quot;:&quot;yes&quot;,&quot;motion_fx_rotateZ_effect&quot;:&quot;yes&quot;,&quot;motion_fx_rotateZ_direction&quot;:&quot;negative&quot;,&quot;motion_fx_rotateZ_speed&quot;:{&quot;unit&quot;:&quot;px&quot;,&quot;size&quot;:2,&quot;sizes&quot;:[]},&quot;link&quot;:{&quot;url&quot;:&quot;&quot;,&quot;is_external&quot;:&quot;&quot;,&quot;nofollow&quot;:&quot;&quot;,&quot;custom_attributes&quot;:&quot;&quot;},&quot;motion_fx_rotateZ_affectedRange&quot;:{&quot;unit&quot;:&quot;%&quot;,&quot;size&quot;:&quot;&quot;,&quot;sizes&quot;:{&quot;start&quot;:0,&quot;end&quot;:100}},&quot;motion_fx_devices&quot;:[&quot;desktop&quot;,&quot;tablet&quot;,&quot;mobile&quot;]}\" data-widget_type=\"text-path.default\">\n\t\t\t\t\t\t\t<div class=\"e-text-path\" data-text=\"Tailored Advice From Experts &mdash;&mdash;---&amp;gt;\" data-url=\"\/\/andyschleckcycles.lu\/wp-content\/plugins\/elementor\/assets\/svg-paths\/circle.svg\" data-link-url=\"\"><\/div>\n\t\t\t\t\t\t<\/div>\n\t\t\t\t<div class=\"elementor-element elementor-element-d6d21b3 elementor-widget__width-auto elementor-absolute elementor-view-default elementor-widget elementor-widget-icon\" data-id=\"d6d21b3\" data-element_type=\"widget\" data-settings=\"{&quot;_position&quot;:&quot;absolute&quot;}\" data-widget_type=\"icon.default\">\n\t\t\t\t\t\t\t<div class=\"elementor-icon-wrapper\">\n\t\t\t<div class=\"elementor-icon\">\n\t\t\t<i aria-hidden=\"true\" class=\"zmdi zmdi-wrench\"><\/i>\t\t\t<\/div>\n\t\t<\/div>\n\t\t\t\t\t\t<\/div>\n\t\t\t\t<\/div>\n\t\t<div class=\"elementor-element elementor-element-c56557d e-con-full e-flex e-con e-child\" data-id=\"c56557d\" data-element_type=\"container\">\n\t\t\t\t<div class=\"elementor-element elementor-element-a5c5d03 elementor-widget elementor-widget-text-path\" data-id=\"a5c5d03\" data-element_type=\"widget\" data-settings=\"{&quot;text&quot;:&quot;Engaging &amp;  Active Community \\u2014\\u2014\\u2014&gt;&quot;,&quot;align&quot;:&quot;center&quot;,&quot;start_point&quot;:{&quot;unit&quot;:&quot;%&quot;,&quot;size&quot;:&quot;&quot;,&quot;sizes&quot;:[]},&quot;motion_fx_motion_fx_scrolling&quot;:&quot;yes&quot;,&quot;motion_fx_rotateZ_effect&quot;:&quot;yes&quot;,&quot;motion_fx_rotateZ_direction&quot;:&quot;negative&quot;,&quot;motion_fx_rotateZ_speed&quot;:{&quot;unit&quot;:&quot;px&quot;,&quot;size&quot;:2,&quot;sizes&quot;:[]},&quot;link&quot;:{&quot;url&quot;:&quot;&quot;,&quot;is_external&quot;:&quot;&quot;,&quot;nofollow&quot;:&quot;&quot;,&quot;custom_attributes&quot;:&quot;&quot;},&quot;motion_fx_rotateZ_affectedRange&quot;:{&quot;unit&quot;:&quot;%&quot;,&quot;size&quot;:&quot;&quot;,&quot;sizes&quot;:{&quot;start&quot;:0,&quot;end&quot;:100}},&quot;motion_fx_devices&quot;:[&quot;desktop&quot;,&quot;tablet&quot;,&quot;mobile&quot;]}\" data-widget_type=\"text-path.default\">\n\t\t\t\t\t\t\t<div class=\"e-text-path\" data-text=\"Engaging &amp;amp;  Active Community &mdash;&mdash;&mdash;&amp;gt;\" data-url=\"\/\/andyschleckcycles.lu\/wp-content\/plugins\/elementor\/assets\/svg-paths\/circle.svg\" data-link-url=\"\"><\/div>\n\t\t\t\t\t\t<\/div>\n\t\t\t\t<div class=\"elementor-element elementor-element-8b7ce9e elementor-widget__width-auto elementor-absolute elementor-view-default elementor-widget elementor-widget-icon\" data-id=\"8b7ce9e\" data-element_type=\"widget\" data-settings=\"{&quot;_position&quot;:&quot;absolute&quot;}\" data-widget_type=\"icon.default\">\n\t\t\t\t\t\t\t<div class=\"elementor-icon-wrapper\">\n\t\t\t<div class=\"elementor-icon\">\n\t\t\t<i aria-hidden=\"true\" class=\"sim-icon icon-people\"><\/i>\t\t\t<\/div>\n\t\t<\/div>\n\t\t\t\t\t\t<\/div>\n\t\t\t\t<\/div>\n\t\t\t\t<\/div>\n\t\t\t\t<\/div>\n\t\t<div class=\"elementor-element elementor-element-8769552 animated-slow e-con-full elementor-hidden-desktop elementor-hidden-tablet e-flex elementor-invisible e-con e-parent\" data-id=\"8769552\" data-element_type=\"container\" data-settings=\"{&quot;animation&quot;:&quot;fadeIn&quot;,&quot;animation_delay&quot;:600}\">\n\t\t\t\t<div class=\"elementor-element elementor-element-ceb7b73 elementor-absolute elementor-widget elementor-widget-video\" data-id=\"ceb7b73\" data-element_type=\"widget\" data-settings=\"{&quot;video_type&quot;:&quot;hosted&quot;,&quot;autoplay&quot;:&quot;yes&quot;,&quot;play_on_mobile&quot;:&quot;yes&quot;,&quot;mute&quot;:&quot;yes&quot;,&quot;_position&quot;:&quot;absolute&quot;,&quot;loop&quot;:&quot;yes&quot;}\" data-widget_type=\"video.default\">\n\t\t\t\t\t\t\t<div class=\"e-hosted-video elementor-wrapper elementor-open-inline\">\n\t\t\t\t\t<video class=\"elementor-video\" src=\"https:\/\/andyschleckcycles.lu\/wp-content\/uploads\/2025\/01\/New-Website-Hero-Video-Mobile-ASC-.mp4\" autoplay=\"\" loop=\"\" muted=\"muted\" playsinline=\"\" controlslist=\"nodownload\" poster=\"https:\/\/andyschleckcycles.lu\/wp-content\/uploads\/2024\/11\/21-ASC-Mertert-Store.jpg\"><\/video>\n\t\t\t\t<\/div>\n\t\t\t\t\t\t<\/div>\n\t\t<div class=\"elementor-element elementor-element-f88b376 e-flex e-con-boxed e-con e-child\" data-id=\"f88b376\" data-element_type=\"container\">\n\t\t\t\t\t<div class=\"e-con-inner\">\n\t\t\t\t<div class=\"elementor-element elementor-element-f411d58 elementor-invisible elementor-widget elementor-widget-heading\" data-id=\"f411d58\" data-element_type=\"widget\" data-settings=\"{&quot;_animation&quot;:&quot;fadeIn&quot;}\" data-widget_type=\"heading.default\">\n\t\t\t\t\t<h1 class=\"elementor-heading-title elementor-size-default translation-block\">Le magasin de v\u00e9lo<br>le plus fiable du Luxembourg<\/h1>\t\t\t\t<\/div>\n\t\t\t\t<div class=\"elementor-element elementor-element-619e84d elementor-widget elementor-widget-heading\" data-id=\"619e84d\" data-element_type=\"widget\" data-widget_type=\"heading.default\">\n\t\t\t\t\t<h5 class=\"elementor-heading-title elementor-size-default\">Pour vous aider \u00e0 aimer encore plus le cyclisme<\/h5>\t\t\t\t<\/div>\n\t\t\t\t<div class=\"elementor-element elementor-element-720045c elementor-align-center elementor-invisible elementor-widget elementor-widget-button\" data-id=\"720045c\" data-element_type=\"widget\" data-settings=\"{&quot;_animation&quot;:&quot;fadeIn&quot;}\" data-widget_type=\"button.default\">\n\t\t\t\t\t\t\t\t\t\t<a class=\"elementor-button elementor-button-link elementor-size-xs\" href=\"https:\/\/andyschleckcycles.lu\/fr\/stock-de-velos\/\">\n\t\t\t\t\t\t<span class=\"elementor-button-content-wrapper\">\n\t\t\t\t\t\t\t\t\t<span class=\"elementor-button-text\">EXPLOREZ LES PRODUITS<\/span>\n\t\t\t\t\t<\/span>\n\t\t\t\t\t<\/a>\n\t\t\t\t\t\t\t\t<\/div>\n\t\t\t\t\t<\/div>\n\t\t\t\t<\/div>\n\t\t<div class=\"elementor-element elementor-element-f3434fc e-con-full elementor-hidden-mobile e-flex e-con e-child\" data-id=\"f3434fc\" data-element_type=\"container\" data-settings=\"{&quot;background_background&quot;:&quot;classic&quot;,&quot;position&quot;:&quot;absolute&quot;,&quot;motion_fx_motion_fx_scrolling&quot;:&quot;yes&quot;,&quot;motion_fx_opacity_effect&quot;:&quot;yes&quot;,&quot;motion_fx_opacity_range&quot;:{&quot;unit&quot;:&quot;%&quot;,&quot;size&quot;:&quot;&quot;,&quot;sizes&quot;:{&quot;start&quot;:45,&quot;end&quot;:50}},&quot;motion_fx_opacity_direction&quot;:&quot;out-in&quot;,&quot;motion_fx_opacity_level&quot;:{&quot;unit&quot;:&quot;px&quot;,&quot;size&quot;:10,&quot;sizes&quot;:[]},&quot;motion_fx_devices&quot;:[&quot;desktop&quot;,&quot;tablet&quot;,&quot;mobile&quot;]}\">\n\t\t\t\t<div class=\"elementor-element elementor-element-ea421ed elementor-cta--layout-image-left elementor-hidden-mobile elementor-widget__width-initial elementor-absolute elementor-cta--skin-classic elementor-animated-content elementor-bg-transform elementor-bg-transform-zoom-in elementor-widget elementor-widget-call-to-action\" data-id=\"ea421ed\" data-element_type=\"widget\" data-settings=\"{&quot;_position&quot;:&quot;absolute&quot;}\" data-widget_type=\"call-to-action.default\">\n\t\t\t\t\t\t\t<a class=\"elementor-cta\" href=\"https:\/\/andyschleckcycles.lu\/fr\/histoire-de-landys\/\">\n\t\t\t\t\t<div class=\"elementor-cta__bg-wrapper\">\n\t\t\t\t<div class=\"elementor-cta__bg elementor-bg\" style=\"background-image: url(https:\/\/andyschleckcycles.lu\/wp-content\/uploads\/2022\/08\/andy-schleck.jpg);\" role=\"img\" aria-label=\"Andy Schleck\"><\/div>\n\t\t\t\t<div class=\"elementor-cta__bg-overlay\"><\/div>\n\t\t\t<\/div>\n\t\t\t\t\t\t\t<div class=\"elementor-cta__content\">\n\t\t\t\t\n\t\t\t\t\t\t\t\t\t<h2 class=\"elementor-cta__title elementor-cta__content-item elementor-content-item\">\n\t\t\t\t\t\tANDY SCHLECK\t\t\t\t\t<\/h2>\n\t\t\t\t\n\t\t\t\t\t\t\t\t\t<div class=\"elementor-cta__description elementor-cta__content-item elementor-content-item\">\n\t\t\t\t\t\tVainqueur du Tour de France, cycliste passionn\u00e9 et notre fondateur.\t\t\t\t\t<\/div>\n\t\t\t\t\n\t\t\t\t\t\t\t\t\t<div class=\"elementor-cta__button-wrapper elementor-cta__content-item elementor-content-item\">\n\t\t\t\t\t<span class=\"elementor-cta__button elementor-button elementor-size-\">\n\t\t\t\t\t\tLisez son histoire ICI\t\t\t\t\t<\/span>\n\t\t\t\t\t<\/div>\n\t\t\t\t\t\t\t<\/div>\n\t\t\t\t\t\t<\/a>\n\t\t\t\t\t\t<\/div>\n\t\t<div class=\"elementor-element elementor-element-3311a65 e-con-full e-flex e-con e-child\" data-id=\"3311a65\" data-element_type=\"container\">\n\t\t\t\t<div class=\"elementor-element elementor-element-9009869 elementor-widget elementor-widget-text-path\" data-id=\"9009869\" data-element_type=\"widget\" data-settings=\"{&quot;text&quot;:&quot;Tailored Advice From Experts\\u2014\\u2014\\u2014\\u2014&gt;&quot;,&quot;align&quot;:&quot;center&quot;,&quot;start_point&quot;:{&quot;unit&quot;:&quot;%&quot;,&quot;size&quot;:&quot;&quot;,&quot;sizes&quot;:[]},&quot;motion_fx_motion_fx_scrolling&quot;:&quot;yes&quot;,&quot;motion_fx_rotateZ_effect&quot;:&quot;yes&quot;,&quot;motion_fx_rotateZ_direction&quot;:&quot;negative&quot;,&quot;motion_fx_rotateZ_speed&quot;:{&quot;unit&quot;:&quot;px&quot;,&quot;size&quot;:2,&quot;sizes&quot;:[]},&quot;link&quot;:{&quot;url&quot;:&quot;&quot;,&quot;is_external&quot;:&quot;&quot;,&quot;nofollow&quot;:&quot;&quot;,&quot;custom_attributes&quot;:&quot;&quot;},&quot;motion_fx_rotateZ_affectedRange&quot;:{&quot;unit&quot;:&quot;%&quot;,&quot;size&quot;:&quot;&quot;,&quot;sizes&quot;:{&quot;start&quot;:0,&quot;end&quot;:100}},&quot;motion_fx_devices&quot;:[&quot;desktop&quot;,&quot;tablet&quot;,&quot;mobile&quot;]}\" data-widget_type=\"text-path.default\">\n\t\t\t\t\t\t\t<div class=\"e-text-path\" data-text=\"Tailored Advice From Experts&mdash;&mdash;&mdash;&mdash;&amp;gt;\" data-url=\"\/\/andyschleckcycles.lu\/wp-content\/plugins\/elementor\/assets\/svg-paths\/circle.svg\" data-link-url=\"\"><\/div>\n\t\t\t\t\t\t<\/div>\n\t\t\t\t<div class=\"elementor-element elementor-element-0e9bb35 elementor-widget__width-auto elementor-absolute elementor-view-default elementor-widget elementor-widget-icon\" data-id=\"0e9bb35\" data-element_type=\"widget\" data-settings=\"{&quot;_position&quot;:&quot;absolute&quot;}\" data-widget_type=\"icon.default\">\n\t\t\t\t\t\t\t<div class=\"elementor-icon-wrapper\">\n\t\t\t<div class=\"elementor-icon\">\n\t\t\t<i aria-hidden=\"true\" class=\"zmdi zmdi-wrench\"><\/i>\t\t\t<\/div>\n\t\t<\/div>\n\t\t\t\t\t\t<\/div>\n\t\t\t\t<\/div>\n\t\t<div class=\"elementor-element elementor-element-cfaf3ca e-con-full e-flex e-con e-child\" data-id=\"cfaf3ca\" data-element_type=\"container\">\n\t\t\t\t<div class=\"elementor-element elementor-element-b53318e elementor-widget elementor-widget-text-path\" data-id=\"b53318e\" data-element_type=\"widget\" data-settings=\"{&quot;text&quot;:&quot;Engaging &amp; Active Community \\u2014\\u2014\\u2014&gt;&quot;,&quot;align&quot;:&quot;center&quot;,&quot;start_point&quot;:{&quot;unit&quot;:&quot;%&quot;,&quot;size&quot;:&quot;&quot;,&quot;sizes&quot;:[]},&quot;motion_fx_motion_fx_scrolling&quot;:&quot;yes&quot;,&quot;motion_fx_rotateZ_effect&quot;:&quot;yes&quot;,&quot;motion_fx_rotateZ_direction&quot;:&quot;negative&quot;,&quot;motion_fx_rotateZ_speed&quot;:{&quot;unit&quot;:&quot;px&quot;,&quot;size&quot;:2,&quot;sizes&quot;:[]},&quot;link&quot;:{&quot;url&quot;:&quot;&quot;,&quot;is_external&quot;:&quot;&quot;,&quot;nofollow&quot;:&quot;&quot;,&quot;custom_attributes&quot;:&quot;&quot;},&quot;motion_fx_rotateZ_affectedRange&quot;:{&quot;unit&quot;:&quot;%&quot;,&quot;size&quot;:&quot;&quot;,&quot;sizes&quot;:{&quot;start&quot;:0,&quot;end&quot;:100}},&quot;motion_fx_devices&quot;:[&quot;desktop&quot;,&quot;tablet&quot;,&quot;mobile&quot;]}\" data-widget_type=\"text-path.default\">\n\t\t\t\t\t\t\t<div class=\"e-text-path\" data-text=\"Engaging &amp;amp; Active Community &mdash;&mdash;&mdash;&amp;gt;\" data-url=\"\/\/andyschleckcycles.lu\/wp-content\/plugins\/elementor\/assets\/svg-paths\/circle.svg\" data-link-url=\"\"><\/div>\n\t\t\t\t\t\t<\/div>\n\t\t\t\t<div class=\"elementor-element elementor-element-8afe01e elementor-widget__width-auto elementor-absolute elementor-view-default elementor-widget elementor-widget-icon\" data-id=\"8afe01e\" data-element_type=\"widget\" data-settings=\"{&quot;_position&quot;:&quot;absolute&quot;}\" data-widget_type=\"icon.default\">\n\t\t\t\t\t\t\t<div class=\"elementor-icon-wrapper\">\n\t\t\t<div class=\"elementor-icon\">\n\t\t\t<i aria-hidden=\"true\" class=\"sim-icon icon-people\"><\/i>\t\t\t<\/div>\n\t\t<\/div>\n\t\t\t\t\t\t<\/div>\n\t\t\t\t<\/div>\n\t\t\t\t<\/div>\n\t\t\t\t<\/div>\n\t\t<div class=\"elementor-element elementor-element-3d11cfb e-flex e-con-boxed elementor-invisible e-con e-parent\" data-id=\"3d11cfb\" data-element_type=\"container\" data-settings=\"{&quot;motion_fx_motion_fx_scrolling&quot;:&quot;yes&quot;,&quot;animation&quot;:&quot;fadeIn&quot;,&quot;motion_fx_devices&quot;:[&quot;desktop&quot;,&quot;tablet&quot;,&quot;mobile&quot;]}\">\n\t\t\t\t\t<div class=\"e-con-inner\">\n\t\t\t\t<div class=\"elementor-element elementor-element-fe24962 elementor-hidden-mobile elementor-invisible elementor-widget elementor-widget-heading\" data-id=\"fe24962\" data-element_type=\"widget\" data-settings=\"{&quot;_animation&quot;:&quot;fadeIn&quot;}\" data-widget_type=\"heading.default\">\n\t\t\t\t\t<h2 class=\"elementor-heading-title elementor-size-default\">CAT\u00c9GORIES<\/h2>\t\t\t\t<\/div>\n\t\t<div class=\"elementor-element elementor-element-f9a2a22 e-flex e-con-boxed e-con e-child\" data-id=\"f9a2a22\" data-element_type=\"container\">\n\t\t\t\t\t<div class=\"e-con-inner\">\n\t\t<a class=\"elementor-element elementor-element-110efc4 e-con-full e-flex e-con e-child\" data-id=\"110efc4\" data-element_type=\"container\" data-settings=\"{&quot;background_background&quot;:&quot;classic&quot;}\" href=\"https:\/\/andyschleckcycles.lu\/fr\/stock-de-velos\/\" target=\"_blank\">\n\t\t\t\t<div class=\"elementor-element elementor-element-de300c6 elementor-widget elementor-widget-heading\" data-id=\"de300c6\" data-element_type=\"widget\" data-widget_type=\"heading.default\">\n\t\t\t\t\t<h3 class=\"elementor-heading-title elementor-size-default\">Stock de v\u00e9lo<\/h3>\t\t\t\t<\/div>\n\t\t\t\t<\/a>\n\t\t<a class=\"elementor-element elementor-element-2e7ce1c e-con-full e-flex e-con e-child\" data-id=\"2e7ce1c\" data-element_type=\"container\" data-settings=\"{&quot;background_background&quot;:&quot;classic&quot;}\" href=\"https:\/\/andyschleckcycles.lu\/fr\/prestations-de-service\/\" target=\"_blank\">\n\t\t\t\t<div class=\"elementor-element elementor-element-6bbdf93 elementor-widget elementor-widget-heading\" data-id=\"6bbdf93\" data-element_type=\"widget\" data-widget_type=\"heading.default\">\n\t\t\t\t\t<h3 class=\"elementor-heading-title elementor-size-default\">Services de V\u00e9lo<\/h3>\t\t\t\t<\/div>\n\t\t\t\t<\/a>\n\t\t<a class=\"elementor-element elementor-element-4a0e1c1 e-con-full e-flex e-con e-child\" data-id=\"4a0e1c1\" data-element_type=\"container\" data-settings=\"{&quot;background_background&quot;:&quot;classic&quot;}\" href=\"https:\/\/andyschleckcycles.lu\/fr\/louer-un-velo\/\" target=\"_blank\">\n\t\t\t\t<div class=\"elementor-element elementor-element-23f4440 elementor-widget elementor-widget-heading\" data-id=\"23f4440\" data-element_type=\"widget\" data-widget_type=\"heading.default\">\n\t\t\t\t\t<h3 class=\"elementor-heading-title elementor-size-default\">Leasing<\/h3>\t\t\t\t<\/div>\n\t\t\t\t<\/a>\n\t\t<a class=\"elementor-element elementor-element-7e16c82 e-con-full e-flex e-con e-child\" data-id=\"7e16c82\" data-element_type=\"container\" data-settings=\"{&quot;background_background&quot;:&quot;classic&quot;}\" href=\"https:\/\/andyschleckcycles.lu\/fr\/marques\/\" target=\"_blank\">\n\t\t\t\t<div class=\"elementor-element elementor-element-9ec5df8 elementor-widget elementor-widget-heading\" data-id=\"9ec5df8\" data-element_type=\"widget\" data-widget_type=\"heading.default\">\n\t\t\t\t\t<h3 class=\"elementor-heading-title elementor-size-default\">Marques<\/h3>\t\t\t\t<\/div>\n\t\t\t\t<\/a>\n\t\t\t\t\t<\/div>\n\t\t\t\t<\/div>\n\t\t\t\t\t<\/div>\n\t\t\t\t<\/div>\n\t\t<div class=\"elementor-element elementor-element-ee71cd4 e-flex e-con-boxed e-con e-parent\" data-id=\"ee71cd4\" data-element_type=\"container\" data-settings=\"{&quot;background_background&quot;:&quot;classic&quot;}\">\n\t\t\t\t\t<div class=\"e-con-inner\">\n\t\t\t\t<div class=\"elementor-element elementor-element-5a740b1 elementor-widget elementor-widget-html\" data-id=\"5a740b1\" data-element_type=\"widget\" data-widget_type=\"html.default\">\n\t\t\t\t\t        <div\n            class=\"spotlight-instagram-feed\"\n            data-feed-var=\"e1630226\"\n            data-analytics=\"0\"\n            data-instance=\"3734\"\n        >\n        <\/div>\n        <input type=\"hidden\" id=\"sli__f__e1630226\" data-json='{&quot;useCase&quot;:&quot;accounts&quot;,&quot;template&quot;:&quot;wave&quot;,&quot;layout&quot;:&quot;grid&quot;,&quot;numColumns&quot;:{&quot;desktop&quot;:4,&quot;tablet&quot;:4,&quot;phone&quot;:2},&quot;highlightFreq&quot;:{&quot;desktop&quot;:7},&quot;sliderNumScrollPosts&quot;:{&quot;desktop&quot;:1},&quot;sliderInfinite&quot;:true,&quot;sliderLoop&quot;:false,&quot;sliderArrowPos&quot;:{&quot;desktop&quot;:&quot;inside&quot;},&quot;sliderArrowSize&quot;:{&quot;desktop&quot;:20},&quot;sliderArrowColor&quot;:{&quot;r&quot;:255,&quot;b&quot;:255,&quot;g&quot;:255,&quot;a&quot;:1},&quot;sliderArrowBgColor&quot;:{&quot;r&quot;:0,&quot;b&quot;:0,&quot;g&quot;:0,&quot;a&quot;:0.8},&quot;sliderAutoScroll&quot;:false,&quot;sliderAutoInterval&quot;:3,&quot;postOrder&quot;:&quot;date_desc&quot;,&quot;numPosts&quot;:{&quot;desktop&quot;:8,&quot;tablet&quot;:8,&quot;phone&quot;:4},&quot;linkBehavior&quot;:{&quot;desktop&quot;:&quot;lightbox&quot;},&quot;feedWidth&quot;:{&quot;desktop&quot;:0,&quot;phone&quot;:315},&quot;feedHeight&quot;:{&quot;desktop&quot;:0},&quot;feedPadding&quot;:{&quot;desktop&quot;:0,&quot;tablet&quot;:10,&quot;phone&quot;:5},&quot;imgPadding&quot;:{&quot;desktop&quot;:10,&quot;tablet&quot;:10,&quot;phone&quot;:12},&quot;ratio&quot;:&quot;classic&quot;,&quot;textSize&quot;:{&quot;desktop&quot;:&quot;&quot;,&quot;tablet&quot;:&quot;&quot;,&quot;phone&quot;:&quot;&quot;},&quot;bgColor&quot;:{&quot;r&quot;:168,&quot;g&quot;:67,&quot;b&quot;:67,&quot;a&quot;:0},&quot;hoverInfo&quot;:[&quot;likes_comments&quot;,&quot;insta_link&quot;],&quot;textColorHover&quot;:{&quot;r&quot;:255,&quot;g&quot;:255,&quot;b&quot;:255,&quot;a&quot;:1},&quot;bgColorHover&quot;:{&quot;r&quot;:0,&quot;g&quot;:0,&quot;b&quot;:0,&quot;a&quot;:0},&quot;showHeader&quot;:{&quot;desktop&quot;:true},&quot;headerInfo&quot;:{&quot;desktop&quot;:[&quot;profile_pic&quot;]},&quot;headerAccount&quot;:5,&quot;headerStyle&quot;:{&quot;desktop&quot;:&quot;normal&quot;,&quot;phone&quot;:&quot;centered&quot;},&quot;headerTextSize&quot;:{&quot;desktop&quot;:&quot;&quot;},&quot;headerPhotoSize&quot;:{&quot;desktop&quot;:0},&quot;headerTextColor&quot;:{&quot;r&quot;:9,&quot;g&quot;:74,&quot;b&quot;:80,&quot;a&quot;:1},&quot;headerBgColor&quot;:{&quot;r&quot;:255,&quot;g&quot;:255,&quot;b&quot;:255,&quot;a&quot;:1},&quot;headerPadding&quot;:{&quot;desktop&quot;:0},&quot;customProfilePic&quot;:&quot;https:\\\/\\\/andyschleckcycles.lu\\\/wp-content\\\/uploads\\\/2023\\\/01\\\/image-1.png&quot;,&quot;customBioText&quot;:&quot;&quot;,&quot;includeStories&quot;:false,&quot;storiesInterval&quot;:5,&quot;showCaptions&quot;:{&quot;desktop&quot;:false},&quot;captionMaxLength&quot;:{&quot;desktop&quot;:0},&quot;captionRemoveDots&quot;:false,&quot;captionSize&quot;:{&quot;desktop&quot;:0},&quot;captionColor&quot;:{&quot;r&quot;:0,&quot;g&quot;:0,&quot;b&quot;:0,&quot;a&quot;:1},&quot;showLikes&quot;:{&quot;desktop&quot;:false},&quot;showComments&quot;:{&quot;desktop&quot;:false},&quot;lcIconSize&quot;:{&quot;desktop&quot;:14},&quot;likesIconColor&quot;:{&quot;r&quot;:0,&quot;g&quot;:0,&quot;b&quot;:0,&quot;a&quot;:1},&quot;commentsIconColor&quot;:{&quot;r&quot;:0,&quot;g&quot;:0,&quot;b&quot;:0,&quot;a&quot;:1},&quot;lightboxShowSidebar&quot;:false,&quot;lightboxCtaStyle&quot;:&quot;link&quot;,&quot;lightboxCtaDesign&quot;:{&quot;text&quot;:{&quot;color&quot;:{&quot;r&quot;:0,&quot;g&quot;:0,&quot;b&quot;:0,&quot;a&quot;:1},&quot;align&quot;:&quot;center&quot;},&quot;bgColor&quot;:{&quot;r&quot;:230,&quot;g&quot;:230,&quot;b&quot;:230,&quot;a&quot;:1},&quot;border&quot;:{&quot;radius&quot;:3}},&quot;numLightboxComments&quot;:50,&quot;showLoadMoreBtn&quot;:{&quot;desktop&quot;:true},&quot;loadMoreBtnDesign&quot;:{&quot;text&quot;:{&quot;color&quot;:{&quot;r&quot;:255,&quot;g&quot;:255,&quot;b&quot;:255,&quot;a&quot;:1},&quot;align&quot;:&quot;center&quot;},&quot;border&quot;:{&quot;radius&quot;:5},&quot;bgColor&quot;:{&quot;r&quot;:9,&quot;g&quot;:74,&quot;b&quot;:80,&quot;a&quot;:1},&quot;margin&quot;:{&quot;top&quot;:0,&quot;bottom&quot;:0,&quot;left&quot;:0,&quot;right&quot;:0},&quot;onHover&quot;:{&quot;bgColor&quot;:{&quot;r&quot;:84,&quot;g&quot;:193,&quot;b&quot;:204,&quot;a&quot;:1}}},&quot;loadMoreBtnText&quot;:&quot;Load More&quot;,&quot;loadMoreBtnScroll&quot;:true,&quot;autoload&quot;:false,&quot;showFollowBtn&quot;:{&quot;desktop&quot;:true,&quot;phone&quot;:false,&quot;tablet&quot;:false},&quot;followBtnText&quot;:&quot;Follow us on Instagram&quot;,&quot;followBtnDesign&quot;:{&quot;text&quot;:{&quot;color&quot;:{&quot;r&quot;:255,&quot;g&quot;:255,&quot;b&quot;:255,&quot;a&quot;:1},&quot;align&quot;:&quot;center&quot;},&quot;border&quot;:{&quot;radius&quot;:3},&quot;bgColor&quot;:{&quot;r&quot;:9,&quot;g&quot;:74,&quot;b&quot;:80,&quot;a&quot;:1},&quot;margin&quot;:{&quot;top&quot;:0,&quot;bottom&quot;:0,&quot;left&quot;:0,&quot;right&quot;:0},&quot;onHover&quot;:{&quot;bgColor&quot;:{&quot;r&quot;:84,&quot;g&quot;:193,&quot;b&quot;:204,&quot;a&quot;:1},&quot;text&quot;:{&quot;color&quot;:{&quot;r&quot;:255,&quot;g&quot;:255,&quot;b&quot;:255,&quot;a&quot;:1}}}},&quot;followBtnLocation&quot;:{&quot;desktop&quot;:&quot;header&quot;,&quot;phone&quot;:&quot;bottom&quot;},&quot;alignFooterButtons&quot;:{&quot;desktop&quot;:false},&quot;customCss&quot;:&quot;.FeedLayout__root {\\n  padding-top: 30px;\\n}\\n\\n.FeedGridLayout__cell:nth-child(2n) {\\n    transform: translateY(-12px);\\n}\\n\\n.FeedGridLayout__cell {\\n    border-radius: 5px;\\n    overflow: hidden;\\n    box-shadow: 0px 0px 4px 0 rgb(0 0 0 \\\/ 25%);\\n}\\n.MediaThumbnail__image:hover {\\n&amp;::before {\\n    content: &#039;&#039;;\\n    background-color: #333; \\n    display: block;\\n    position: absolute;\\n    top: 0;\\n    left: 0;\\n    bottom: 0;\\n    right: 0;\\n    opacity: 0.2;\\n  }\\n}\\n\\n.FeedHeader__root\\n{margin-bottom: 15px;}\\n\\n.FeedGridLayout__cell\\n{margin-bottom: 15px;}\\n&quot;,&quot;accounts&quot;:[18583],&quot;tagged&quot;:[],&quot;hashtags&quot;:[],&quot;mediaType&quot;:&quot;all&quot;,&quot;hashtagWhitelist&quot;:[],&quot;hashtagBlacklist&quot;:[],&quot;captionWhitelist&quot;:[],&quot;captionBlacklist&quot;:[],&quot;hashtagWhitelistSettings&quot;:true,&quot;hashtagBlacklistSettings&quot;:true,&quot;captionWhitelistSettings&quot;:true,&quot;captionBlacklistSettings&quot;:true,&quot;moderation&quot;:[],&quot;moderationMode&quot;:&quot;blacklist&quot;,&quot;promosVersion&quot;:2,&quot;promosEnabled&quot;:true,&quot;globalPromosEnabled&quot;:true,&quot;autoPromosEnabled&quot;:true,&quot;promoOverrides&quot;:[],&quot;feedPromo&quot;:{&quot;linkSource&quot;:{&quot;type&quot;:null},&quot;linkBehavior&quot;:{&quot;openNewTab&quot;:false,&quot;showPopupBox&quot;:false},&quot;linkText&quot;:&quot;&quot;},&quot;gaCampaignSource&quot;:&quot;&quot;,&quot;gaCampaignMedium&quot;:&quot;&quot;,&quot;gaCampaignName&quot;:&quot;&quot;}' \/>\n        <input type=\"hidden\" id=\"sli__a__e1630226\" data-json='[{&quot;id&quot;:18583,&quot;type&quot;:&quot;BUSINESS&quot;,&quot;userId&quot;:&quot;17841402745569657&quot;,&quot;username&quot;:&quot;andyschleckcycles&quot;,&quot;bio&quot;:&quot;Exclusive dealer Enve, Cerv\\u00e9lo, Santa Cruz, Woom, PNS\\nOfficial dealer Trek, R&amp;M, Kalkhoff, Ridley, Fox, Oakley, Maurten, Mnstry \\u2026+++\\nShimano \\u2699\\ufe0f Center&quot;,&quot;customBio&quot;:&quot;&quot;,&quot;profilePicUrl&quot;:&quot;https:\\\/\\\/scontent.flux3-1.fna.fbcdn.net\\\/v\\\/t51.2885-15\\\/298462864_3322617434684467_5210439555994111420_n.jpg?_nc_cat=108&amp;ccb=1-7&amp;_nc_sid=7d201b&amp;_nc_ohc=3Btf2KNVE8wQ7kNvwHvS7Cr&amp;_nc_oc=AdkQqrYbJBx9RiH5eaz-WcksJzrlakOm55RPx8D8iG5PAUWFCPBoOm1Rb1-xqkVWD88PPQAyvGmo7sXF3Kh6Agie&amp;_nc_zt=23&amp;_nc_ht=scontent.flux3-1.fna&amp;edm=AL-3X8kEAAAA&amp;oh=00_AfVugSTK_H6VZokvsD1HPflBASkd6LOhj42mOuPMRLx9rg&amp;oe=68AF81F9&quot;,&quot;customProfilePicUrl&quot;:&quot;https:\\\/\\\/andyschleckcycles.lu\\\/wp-content\\\/uploads\\\/2023\\\/01\\\/image-1.png&quot;,&quot;mediaCount&quot;:&quot;406&quot;,&quot;followersCount&quot;:&quot;8391&quot;,&quot;usages&quot;:[],&quot;creationDate&quot;:&quot;2023-01-06 13:57:13&quot;}]' \/>\n        <input type=\"hidden\" id=\"sli__m__e1630226\" data-json='{&quot;media&quot;:[],&quot;stories&quot;:[],&quot;total&quot;:0,&quot;needImport&quot;:true,&quot;errors&quot;:[]}' \/>\n        \t\t\t\t<\/div>\n\t\t\t\t\t<\/div>\n\t\t\t\t<\/div>\n\t\t<div class=\"elementor-element elementor-element-8be22fc e-flex e-con-boxed e-con e-parent\" data-id=\"8be22fc\" data-element_type=\"container\" data-settings=\"{&quot;background_background&quot;:&quot;classic&quot;}\">\n\t\t\t\t\t<div class=\"e-con-inner\">\n\t\t\t\t<div class=\"elementor-element elementor-element-56c4cdb elementor-invisible elementor-widget elementor-widget-image\" data-id=\"56c4cdb\" data-element_type=\"widget\" data-settings=\"{&quot;_animation&quot;:&quot;fadeIn&quot;}\" data-widget_type=\"image.default\">\n\t\t\t\t\t\t\t\t\t\t\t\t\t\t\t<img fetchpriority=\"high\" decoding=\"async\" width=\"660\" height=\"440\" src=\"https:\/\/andyschleckcycles.lu\/wp-content\/uploads\/2022\/08\/andy-schleck.jpg\" class=\"attachment-large size-large wp-image-3735\" alt=\"Andy Schleck\" title=\"\">\t\t\t\t\t\t\t\t\t\t\t\t\t\t\t<\/div>\n\t\t<div class=\"elementor-element elementor-element-07eb551 e-con-full e-flex e-con e-child\" data-id=\"07eb551\" data-element_type=\"container\">\n\t\t\t\t<div class=\"elementor-element elementor-element-927f54e elementor-widget elementor-widget-heading\" data-id=\"927f54e\" data-element_type=\"widget\" data-widget_type=\"heading.default\">\n\t\t\t\t\t<h2 class=\"elementor-heading-title elementor-size-default\">L&#039;HISTOIRE D&#039;ANDY<\/h2>\t\t\t\t<\/div>\n\t\t\t\t<div class=\"elementor-element elementor-element-7f670db elementor-view-default elementor-widget elementor-widget-icon\" data-id=\"7f670db\" data-element_type=\"widget\" data-widget_type=\"icon.default\">\n\t\t\t\t\t\t\t<div class=\"elementor-icon-wrapper\">\n\t\t\t<div class=\"elementor-icon\">\n\t\t\t<i aria-hidden=\"true\" class=\"sim-icon icon-trophy\"><\/i>\t\t\t<\/div>\n\t\t<\/div>\n\t\t\t\t\t\t<\/div>\n\t\t\t\t<div class=\"elementor-element elementor-element-9c94355 elementor-widget elementor-widget-text-editor\" data-id=\"9c94355\" data-element_type=\"widget\" data-widget_type=\"text-editor.default\">\n\t\t\t\t\t\t\t\t\t<p style=\"text-align: left;\">Andy Schleck est n\u00e9 le 10 juin 1985 \u00e0 Luxembourg. Au cours de sa carri\u00e8re de coureur professionnel (de 2005 \u00e0 2014), il a notamment remport\u00e9 le Tour de France en 2010 et a \u00e9t\u00e9 3 fois meilleur jeune coureur du Tour de France.<\/p><p>\u00a0<\/p><p style=\"text-align: left;\">Il est le fils de l&#039;ancien cycliste Johny Schleck et le fr\u00e8re de Frank Schleck, \u00e9galement cycliste professionnel.<\/p>\t\t\t\t\t\t\t\t<\/div>\n\t\t\t\t<div class=\"elementor-element elementor-element-3f256a8 elementor-align-center elementor-widget elementor-widget-button\" data-id=\"3f256a8\" data-element_type=\"widget\" data-widget_type=\"button.default\">\n\t\t\t\t\t\t\t\t\t\t<a class=\"elementor-button elementor-button-link elementor-size-sm\" href=\"https:\/\/andyschleckcycles.lu\/fr\/histoire-de-landys\/\">\n\t\t\t\t\t\t<span class=\"elementor-button-content-wrapper\">\n\t\t\t\t\t\t<span class=\"elementor-button-icon\">\n\t\t\t\t<i aria-hidden=\"true\" class=\"far fa-newspaper\"><\/i>\t\t\t<\/span>\n\t\t\t\t\t\t\t\t\t<span class=\"elementor-button-text\">LIRE LA SUITE<\/span>\n\t\t\t\t\t<\/span>\n\t\t\t\t\t<\/a>\n\t\t\t\t\t\t\t\t<\/div>\n\t\t\t\t<\/div>\n\t\t\t\t\t<\/div>\n\t\t\t\t<\/div>\n\t\t<div class=\"elementor-element elementor-element-f954c43 e-flex e-con-boxed e-con e-parent\" data-id=\"f954c43\" data-element_type=\"container\" data-settings=\"{&quot;background_background&quot;:&quot;classic&quot;}\">\n\t\t\t\t\t<div class=\"e-con-inner\">\n\t\t\t\t<div class=\"elementor-element elementor-element-1c6171c elementor-widget elementor-widget-heading\" data-id=\"1c6171c\" data-element_type=\"widget\" data-widget_type=\"heading.default\">\n\t\t\t\t\t<h2 class=\"elementor-heading-title elementor-size-default\">L'ACTUALIT\u00c9S ET \u00c9V\u00c9NEMENTS<\/h2>\t\t\t\t<\/div>\n\t\t\t\t<div class=\"elementor-element elementor-element-95646a8 elementor-widget elementor-widget-text-editor\" data-id=\"95646a8\" data-element_type=\"widget\" data-widget_type=\"text-editor.default\">\n\t\t\t\t\t\t\t\t\t<p>Nous serions ravis que vous rejoigniez notre communaut\u00e9, o\u00f9 nous partageons la joie de faire du v\u00e9lo ensemble\u00a0!<\/p>\t\t\t\t\t\t\t\t<\/div>\n\t\t\t\t<div class=\"elementor-element elementor-element-93e6c40 elementor-grid-3 elementor-grid-tablet-2 elementor-grid-mobile-1 elementor-posts--thumbnail-top elementor-card-shadow-yes elementor-posts__hover-gradient elementor-widget elementor-widget-posts\" data-id=\"93e6c40\" data-element_type=\"widget\" data-settings=\"{&quot;cards_masonry&quot;:&quot;yes&quot;,&quot;cards_columns&quot;:&quot;3&quot;,&quot;cards_columns_tablet&quot;:&quot;2&quot;,&quot;cards_columns_mobile&quot;:&quot;1&quot;,&quot;cards_row_gap&quot;:{&quot;unit&quot;:&quot;px&quot;,&quot;size&quot;:35,&quot;sizes&quot;:[]},&quot;cards_row_gap_tablet&quot;:{&quot;unit&quot;:&quot;px&quot;,&quot;size&quot;:&quot;&quot;,&quot;sizes&quot;:[]},&quot;cards_row_gap_mobile&quot;:{&quot;unit&quot;:&quot;px&quot;,&quot;size&quot;:&quot;&quot;,&quot;sizes&quot;:[]}}\" data-widget_type=\"posts.cards\">\n\t\t\t\t<div class=\"elementor-widget-container\">\n\t\t\t\t\t\t\t<div class=\"elementor-posts-container elementor-posts elementor-posts--skin-cards elementor-grid\" role=\"list\">\n\t\t\t\t<article class=\"elementor-post elementor-grid-item post-25595 post type-post status-publish format-standard has-post-thumbnail hentry category-uncategorized\" role=\"listitem\">\n\t\t\t<div class=\"elementor-post__card\">\n\t\t\t\t<a class=\"elementor-post__thumbnail__link\" href=\"https:\/\/andyschleckcycles.lu\/fr\/demo-days-spring-rides\/\" tabindex=\"-1\"><div class=\"elementor-post__thumbnail\"><img decoding=\"async\" width=\"480\" height=\"302\" src=\"https:\/\/andyschleckcycles.lu\/wp-content\/uploads\/2026\/04\/DEMO-DAYS-480x302.jpg\" class=\"attachment-thumbnail size-thumbnail wp-image-25596\" alt=\"\" title=\"\"><\/div><\/a>\n\t\t\t\t<div class=\"elementor-post__badge\">Non class\u00e9<\/div>\n\t\t\t\t<div class=\"elementor-post__text\">\n\t\t\t\t<h3 class=\"elementor-post__title\">\n\t\t\t<a href=\"https:\/\/andyschleckcycles.lu\/fr\/demo-days-spring-rides\/\">\n\t\t\t\tDEMO DAYS \u2014 SPRING RIDES\t\t\t<\/a>\n\t\t<\/h3>\n\t\t\t\t<div class=\"elementor-post__excerpt\">\n\t\t\t<p>What if this weekend you could finally ride the bike you\u2019ve been thinking about? &#x1f440;<\/p>\n\t\t<\/div>\n\t\t\n\t\t<a class=\"elementor-post__read-more\" href=\"https:\/\/andyschleckcycles.lu\/fr\/demo-days-spring-rides\/\" aria-label=\"Read more about DEMO DAYS \u2014 SPRING RIDES\" tabindex=\"-1\">\n\t\t\tEn savoir plus &quot;\t\t<\/a>\n\n\t\t\t\t<\/div>\n\t\t\t\t<div class=\"elementor-post__meta-data\">\n\t\t\t\t\t<span class=\"elementor-post-date\">\n\t\t\tavril 2, 2026\t\t<\/span>\n\t\t\t\t<\/div>\n\t\t\t\t\t<\/div>\n\t\t<\/article>\n\t\t\t\t<article class=\"elementor-post elementor-grid-item post-25588 post type-post status-publish format-standard has-post-thumbnail hentry category-news\" role=\"listitem\">\n\t\t\t<div class=\"elementor-post__card\">\n\t\t\t\t<a class=\"elementor-post__thumbnail__link\" href=\"https:\/\/andyschleckcycles.lu\/fr\/mtb-sale\/\" tabindex=\"-1\"><div class=\"elementor-post__thumbnail\"><img decoding=\"async\" width=\"480\" height=\"251\" src=\"https:\/\/andyschleckcycles.lu\/wp-content\/uploads\/2026\/04\/Diseno-sin-titulo-480x251.jpg\" class=\"attachment-thumbnail size-thumbnail wp-image-25590\" alt=\"\" title=\"\"><\/div><\/a>\n\t\t\t\t<div class=\"elementor-post__badge\">L'actualit\u00e9s<\/div>\n\t\t\t\t<div class=\"elementor-post__text\">\n\t\t\t\t<h3 class=\"elementor-post__title\">\n\t\t\t<a href=\"https:\/\/andyschleckcycles.lu\/fr\/mtb-sale\/\">\n\t\t\t\tMTB SALE\t\t\t<\/a>\n\t\t<\/h3>\n\t\t\t\t<div class=\"elementor-post__excerpt\">\n\t\t\t<p>MTB SELECTION UP TO 50% OFF Ready to hit the trails again? Spring is here,<\/p>\n\t\t<\/div>\n\t\t\n\t\t<a class=\"elementor-post__read-more\" href=\"https:\/\/andyschleckcycles.lu\/fr\/mtb-sale\/\" aria-label=\"Read more about MTB SALE\" tabindex=\"-1\">\n\t\t\tEn savoir plus &quot;\t\t<\/a>\n\n\t\t\t\t<\/div>\n\t\t\t\t<div class=\"elementor-post__meta-data\">\n\t\t\t\t\t<span class=\"elementor-post-date\">\n\t\t\tavril 2, 2026\t\t<\/span>\n\t\t\t\t<\/div>\n\t\t\t\t\t<\/div>\n\t\t<\/article>\n\t\t\t\t<article class=\"elementor-post elementor-grid-item post-25575 post type-post status-publish format-standard has-post-thumbnail hentry category-news\" role=\"listitem\">\n\t\t\t<div class=\"elementor-post__card\">\n\t\t\t\t<a class=\"elementor-post__thumbnail__link\" href=\"https:\/\/andyschleckcycles.lu\/fr\/relais-pour-la-vie-2026\/\" tabindex=\"-1\"><div class=\"elementor-post__thumbnail\"><img loading=\"lazy\" decoding=\"async\" width=\"480\" height=\"320\" src=\"https:\/\/andyschleckcycles.lu\/wp-content\/uploads\/2026\/02\/PHOTO-2024-03-24-14-24-23-480x320.jpg\" class=\"attachment-thumbnail size-thumbnail wp-image-25576\" alt=\"\" title=\"\"><\/div><\/a>\n\t\t\t\t<div class=\"elementor-post__badge\">L'actualit\u00e9s<\/div>\n\t\t\t\t<div class=\"elementor-post__text\">\n\t\t\t\t<h3 class=\"elementor-post__title\">\n\t\t\t<a href=\"https:\/\/andyschleckcycles.lu\/fr\/relais-pour-la-vie-2026\/\">\n\t\t\t\tRELAIS POUR LA VIE 2026\t\t\t<\/a>\n\t\t<\/h3>\n\t\t\t\t<div class=\"elementor-post__excerpt\">\n\t\t\t<p>Samedi et dimanche 21 et 22 mars Nous sommes fiers de soutenir la Fondation Cancer.<\/p>\n\t\t<\/div>\n\t\t\n\t\t<a class=\"elementor-post__read-more\" href=\"https:\/\/andyschleckcycles.lu\/fr\/relais-pour-la-vie-2026\/\" aria-label=\"Read more about RELAIS POUR LA VIE 2026\" tabindex=\"-1\">\n\t\t\tEn savoir plus &quot;\t\t<\/a>\n\n\t\t\t\t<\/div>\n\t\t\t\t<div class=\"elementor-post__meta-data\">\n\t\t\t\t\t<span class=\"elementor-post-date\">\n\t\t\t14 f\u00e9vrier 2026\t\t<\/span>\n\t\t\t\t<\/div>\n\t\t\t\t\t<\/div>\n\t\t<\/article>\n\t\t\t\t<\/div>\n\t\t\n\t\t\t\t\t\t<\/div>\n\t\t\t\t<\/div>\n\t\t\t\t<div class=\"elementor-element elementor-element-bd27155 elementor-align-center elementor-widget elementor-widget-button\" data-id=\"bd27155\" data-element_type=\"widget\" data-widget_type=\"button.default\">\n\t\t\t\t\t\t\t\t\t\t<a class=\"elementor-button elementor-button-link elementor-size-sm\" href=\"https:\/\/andyschleckcycles.lu\/fr\/evenements-dactualite\/\">\n\t\t\t\t\t\t<span class=\"elementor-button-content-wrapper\">\n\t\t\t\t\t\t\t\t\t<span class=\"elementor-button-text\">Toutes les actualit\u00e9s et \u00e9v\u00e9nements<\/span>\n\t\t\t\t\t<\/span>\n\t\t\t\t\t<\/a>\n\t\t\t\t\t\t\t\t<\/div>\n\t\t\t\t\t<\/div>\n\t\t\t\t<\/div>\n\t\t<div class=\"elementor-element elementor-element-f7681d9 e-flex e-con-boxed e-con e-parent\" data-id=\"f7681d9\" data-element_type=\"container\" data-settings=\"{&quot;background_background&quot;:&quot;classic&quot;}\">\n\t\t\t\t\t<div class=\"e-con-inner\">\n\t\t\t\t<div class=\"elementor-element elementor-element-41919f6 elementor-widget elementor-widget-heading\" data-id=\"41919f6\" data-element_type=\"widget\" data-widget_type=\"heading.default\">\n\t\t\t\t\t<h2 class=\"elementor-heading-title elementor-size-default\">CALENDRIER DES \u00c9V\u00c9NEMENTS<\/h2>\t\t\t\t<\/div>\n\t\t\t\t<div class=\"elementor-element elementor-element-57a8af7 elementor-widget elementor-widget-text-editor\" data-id=\"57a8af7\" data-element_type=\"widget\" data-widget_type=\"text-editor.default\">\n\t\t\t\t\t\t\t\t\t<p>Rejoignez-nous lors de l'un de nos prochains \u00e9v\u00e9nements<\/p>\t\t\t\t\t\t\t\t<\/div>\n\t\t<div class=\"elementor-element elementor-element-783d57b e-con-full e-flex e-con e-child\" data-id=\"783d57b\" data-element_type=\"container\" data-settings=\"{&quot;background_background&quot;:&quot;classic&quot;}\">\n\t\t\t\t<div class=\"elementor-element elementor-element-18565b3 elementor-widget elementor-widget-MEC\" data-id=\"18565b3\" data-element_type=\"widget\" data-widget_type=\"MEC.default\">\n\t\t\t\t<div class=\"elementor-widget-container\">\n\t\t\t\t\t<div class=\"mec-wrap mec-skin-carousel-container\" id=\"mec_skin_25034\">\r\n        <div class=\"mec-skin-carousel-events-container\" id=\"mec_skin_events_25034\">\r\n        <div class=\"mec-wrap colorskin-custom\">\r\n    <div class=\"mec-event-carousel-type1\">\r\n                <div class='mec-owl-crousel-skin-type1 mec-owl-carousel mec-owl-theme'>\r\n                        <article class=\"mec-event-article mec-multiple-event mec-clear\" itemscope>\r\n                                        <div class=\"event-carousel-type1-head clearfix\">\r\n                    <div class=\"mec-event-date mec-color\">\r\n                        <div class=\"mec-event-image\">\r\n                            <a data-event-id=\"25636\" href=\"https:\/\/andyschleckcycles.lu\/fr\/evenements\/demo-days\/\" target=\"_blank\" rel=\"noopener\"><img loading=\"lazy\" decoding=\"async\" width=\"474\" height=\"324\" src=\"https:\/\/andyschleckcycles.lu\/wp-content\/uploads\/2026\/04\/demo-2-474x324.jpg\" class=\"attachment-meccarouselthumb size-meccarouselthumb wp-post-image\" alt=\"\" data-mec-postid=\"25636\" title=\"\"><\/a>                                                    <\/div>\r\n                        <div class=\"mec-event-date-carousel\">\r\n                            <span class=\"mec-start-date-label\">24 - 25<\/span>                            <div class=\"mec-event-date-info\"><span class=\"mec-start-date-label\">avril<\/span><\/div>\r\n                            <div class=\"mec-event-date-info-year\">2026<\/div>\r\n                        <\/div>\r\n                    <\/div>\r\n                    <div class=\"mec-event-carousel-content\">\r\n                        <div class=\"mec-time-details\"><span class=\"mec-start-time\">10:00 heures<\/span> - <span class=\"mec-end-time\">5:00 pm<\/span><\/div>                        <h4 class=\"mec-event-carousel-title\"><a class=\"mec-color-hover\" data-event-id=\"25636\" href=\"https:\/\/andyschleckcycles.lu\/fr\/evenements\/demo-days\/\" target=\"_blank\" rel=\"noopener\">Demo Days<\/a><\/h4>\r\n                                                <p class=\"mec-carousel-event-location\"><span>Andy Schleck Cycles, Itzig<\/span><br>2, rue des Pr\u00e9s, L-5972 Itzig, Luxembourg<\/p>\r\n                                                                    <\/div>\r\n                <\/div>\r\n                            <\/article>\r\n                                <\/div>\r\n        \t<\/div>\r\n<\/div>    <\/div>\r\n        <\/div>\t\t\t\t<\/div>\n\t\t\t\t<\/div>\n\t\t\t\t<\/div>\n\t\t\t\t<div class=\"elementor-element elementor-element-5956dd8 elementor-align-center elementor-widget elementor-widget-button\" data-id=\"5956dd8\" data-element_type=\"widget\" data-widget_type=\"button.default\">\n\t\t\t\t\t\t\t\t\t\t<a class=\"elementor-button elementor-button-link elementor-size-sm\" href=\"https:\/\/andyschleckcycles.lu\/fr\/calendrier-des-evenements\/\">\n\t\t\t\t\t\t<span class=\"elementor-button-content-wrapper\">\n\t\t\t\t\t\t\t\t\t<span class=\"elementor-button-text\">Voir le calendrier complet<\/span>\n\t\t\t\t\t<\/span>\n\t\t\t\t\t<\/a>\n\t\t\t\t\t\t\t\t<\/div>\n\t\t\t\t\t<\/div>\n\t\t\t\t<\/div>\n\t\t\t\t<\/div>","protected":false},"excerpt":{"rendered":"<p>https:\/\/andyschleckcycles.lu\/wp-content\/uploads\/2025\/01\/New-Website-Hero-Video-Desktop-ASC.mp4 Le magasin de v\u00e9los le plus fiable du Luxembourg Vous aider \u00e0 aimer encore plus le v\u00e9lo EXPLOREZ LES PRODUITS ANDY SCHLECK Vainqueur du Tour de France, cycliste passionn\u00e9 et notre fondateur. Lisez son histoire ICI https:\/\/andyschleckcycles.lu\/wp-content\/uploads\/2025\/01\/New-Website-Hero-Video-Mobile-ASC-.mp4 Le magasin de v\u00e9los le plus fiable du Luxembourg Vous aider \u00e0 aimer encore plus le v\u00e9lo EXPLOREZ LES PRODUITS ANDY SCHLECK Vainqueur du Tour de France, cycliste passionn\u00e9 et notre fondateur. Lisez son histoire ... <a href=\"https:\/\/andyschleckcycles.lu\/fr\/evenements\/demo-days\/\" class=\"more-link\">continuer la lecture <span class=\"screen-reader-text\">Demo Days<\/span><\/a><\/p>","protected":false},"author":1,"featured_media":0,"parent":0,"menu_order":1,"comment_status":"closed","ping_status":"closed","template":"elementor_header_footer","meta":{"footnotes":""},"folder":[],"class_list":["post-3734","page","type-page","status-publish","hentry"],"_links":{"self":[{"href":"https:\/\/andyschleckcycles.lu\/fr\/wp-json\/wp\/v2\/pages\/3734","targetHints":{"allow":["GET"]}}],"collection":[{"href":"https:\/\/andyschleckcycles.lu\/fr\/wp-json\/wp\/v2\/pages"}],"about":[{"href":"https:\/\/andyschleckcycles.lu\/fr\/wp-json\/wp\/v2\/types\/page"}],"author":[{"embeddable":true,"href":"https:\/\/andyschleckcycles.lu\/fr\/wp-json\/wp\/v2\/users\/1"}],"replies":[{"embeddable":true,"href":"https:\/\/andyschleckcycles.lu\/fr\/wp-json\/wp\/v2\/comments?post=3734"}],"version-history":[{"count":982,"href":"https:\/\/andyschleckcycles.lu\/fr\/wp-json\/wp\/v2\/pages\/3734\/revisions"}],"predecessor-version":[{"id":25416,"href":"https:\/\/andyschleckcycles.lu\/fr\/wp-json\/wp\/v2\/pages\/3734\/revisions\/25416"}],"wp:attachment":[{"href":"https:\/\/andyschleckcycles.lu\/fr\/wp-json\/wp\/v2\/media?parent=3734"}],"wp:term":[{"taxonomy":"folder","embeddable":true,"href":"https:\/\/andyschleckcycles.lu\/fr\/wp-json\/wp\/v2\/folder?post=3734"}],"curies":[{"name":"wp","href":"https:\/\/api.w.org\/{rel}","templated":true}]}}